{"id":6853,"date":"2026-08-21T14:16:58","date_gmt":"2026-08-21T17:16:58","guid":{"rendered":"https:\/\/vohnabrindes.com.br\/?post_type=product&#038;p=6853"},"modified":"2026-08-21T14:17:01","modified_gmt":"2026-08-21T17:17:01","slug":"kit-viagem-2-pecas-personalizada","status":"publish","type":"product","link":"https:\/\/vohnabrindes.com.br\/index.php\/product\/kit-viagem-2-pecas-personalizada\/","title":{"rendered":"Kit Viagem 2 Pe\u00e7as personalizada."},"content":{"rendered":"<pre id=\"item_referencia\">19146<\/pre>\n<p class=\"produto-nome\">Kit Viagem 2 Pe\u00e7as personalizada.<\/p>\n<div class=\"caracs\">\n<div class=\"desc\">\n<p class=\"desc-tit\"><span class=\"desc-sub my-desc-sub\">composto por dois itens: porta-passaporte e tag identificadora de bagagem, ambos em poliuretano (PU). O porta-passaporte possui fechamento magn\u00e9tico e fivela met\u00e1lica, dois bolsos internos, sendo um deles com quatro compartimentos para cart\u00f5es, al\u00e9m de dois bolsos menores para cart\u00f5es SIM. A tag identificadora apresenta aba para proteger o visor pl\u00e1stico e um cart\u00e3o interno dupla face em papel cart\u00e3o no tamanho 5,5 cm x 8,5 cm para o preenchimento de dados pessoais, al\u00e9m de al\u00e7a lateral em PU com fivela met\u00e1lica. Acompanha caixa em papel\u00e3o com ber\u00e7o fixo em espuma de EVA com acabamento aveludado para guardar os itens do conjunto.<\/span><\/p>\n<\/div>\n<div class=\"desc\">\n<p class=\"desc-tit\">Altura<span class=\"desc-sub\">\u00a0:\u00a0 19,1 cm<\/span><\/p>\n<\/div>\n<div class=\"desc\">\n<p class=\"desc-tit\">Largura<span class=\"desc-sub\">\u00a0:\u00a0 23 cm<\/span><\/p>\n<\/div>\n<div class=\"desc\">\n<p class=\"desc-tit\">Profundidade<span class=\"desc-sub\">\u00a0:\u00a0 2,8 cm<\/span><\/p>\n<\/div>\n<div class=\"desc\">\n<p class=\"desc-tit\">Medidas aproximadas para grava\u00e7\u00e3o<span class=\"desc-sub\">\u00a0(CxL):\u00a0 18 cm x 22,5 cm (tampa da embalagem) &#8211; 13,5 cm x 9 cm (porta-passaporte) &#8211; 4,5 cm x 7 cm (aba do visor da tag) &#8211; 5,5 cm x 8,5 cm (etiqueta interna papel cart\u00e3o)<\/span><\/p>\n<\/div>\n<div class=\"desc\">\n<p class=\"desc-tit\">Peso aproximado<span class=\"desc-sub\">\u00a0(g):\u00a0 247<\/span><\/p>\n<\/div>\n<\/div>\n","protected":false},"excerpt":{"rendered":"<p>19146 Kit Viagem 2 Pe\u00e7as personalizada. composto por dois itens: porta-passaporte e tag identificadora de bagagem, ambos em poliuretano (PU). O porta-passaporte possui fechamento magn\u00e9tico e<span class=\"excerpt-hellip\"> [\u2026]<\/span><\/p>\n","protected":false},"featured_media":6856,"comment_status":"closed","ping_status":"closed","template":"","meta":[],"product_cat":[899],"product_tag":[2584,2585,1320],"class_list":["post-6853","product","type-product","status-publish","has-post-thumbnail","hentry","product_cat-diversos","product_tag-brindes-para-agencia-de-viagens","product_tag-kit-porta-passaporte-personalizado","product_tag-kit-viagem-personalizado"],"_links":{"self":[{"href":"https:\/\/vohnabrindes.com.br\/index.php\/wp-json\/wp\/v2\/product\/6853","targetHints":{"allow":["GET"]}}],"collection":[{"href":"https:\/\/vohnabrindes.com.br\/index.php\/wp-json\/wp\/v2\/product"}],"about":[{"href":"https:\/\/vohnabrindes.com.br\/index.php\/wp-json\/wp\/v2\/types\/product"}],"replies":[{"embeddable":true,"href":"https:\/\/vohnabrindes.com.br\/index.php\/wp-json\/wp\/v2\/comments?post=6853"}],"version-history":[{"count":1,"href":"https:\/\/vohnabrindes.com.br\/index.php\/wp-json\/wp\/v2\/product\/6853\/revisions"}],"predecessor-version":[{"id":6857,"href":"https:\/\/vohnabrindes.com.br\/index.php\/wp-json\/wp\/v2\/product\/6853\/revisions\/6857"}],"wp:featuredmedia":[{"embeddable":true,"href":"https:\/\/vohnabrindes.com.br\/index.php\/wp-json\/wp\/v2\/media\/6856"}],"wp:attachment":[{"href":"https:\/\/vohnabrindes.com.br\/index.php\/wp-json\/wp\/v2\/media?parent=6853"}],"wp:term":[{"taxonomy":"product_cat","embeddable":true,"href":"https:\/\/vohnabrindes.com.br\/index.php\/wp-json\/wp\/v2\/product_cat?post=6853"},{"taxonomy":"product_tag","embeddable":true,"href":"https:\/\/vohnabrindes.com.br\/index.php\/wp-json\/wp\/v2\/product_tag?post=6853"}],"curies":[{"name":"wp","href":"https:\/\/api.w.org\/{rel}","templated":true}]}}