{"id":6854,"date":"2026-08-21T14:16:58","date_gmt":"2026-08-21T17:16:58","guid":{"rendered":"https:\/\/vohnabrindes.com.br\/?post_type=product&#038;p=6854"},"modified":"2026-08-21T14:17:04","modified_gmt":"2026-08-21T17:17:04","slug":"bolsa-termica-11l-personalizada","status":"publish","type":"product","link":"https:\/\/vohnabrindes.com.br\/index.php\/product\/bolsa-termica-11l-personalizada\/","title":{"rendered":"Bolsa T\u00e9rmica 11L personalizada."},"content":{"rendered":"<p class=\"produto-nome\">Bolsa T\u00e9rmica 11L personalizada.<\/p>\n<div class=\"caracs\">\n<div class=\"desc\">\n<p class=\"desc-tit\">Descri\u00e7\u00e3o:\u00a0<span class=\"desc-sub my-desc-sub\">Bolsa t\u00e9rmica com capacidade m\u00e1xima de 11 litros. Confeccionada em tecido Oxford Cati\u00f4nico 300D resistente \u00e0 \u00e1gua, apresenta revestimento t\u00e9rmico em PEVA com costura soldada antivazamento. Conta ainda com quatro bolsos externos, incluindo bolso com fechamento em z\u00edper, um bolso aberto na parte oposta e dois laterais com el\u00e1stico, al\u00e9m de um par de argolas para encaixe de al\u00e7a transversal. Disp\u00f5e de duas al\u00e7as de m\u00e3o, fechamento do compartimento t\u00e9rmico por z\u00edper e acompanha al\u00e7a transversal ajust\u00e1vel com fivela e mosquet\u00f5es met\u00e1licos.<\/span><\/p>\n<\/div>\n<div class=\"desc\">\n<p class=\"desc-tit\">Altura<span class=\"desc-sub\">\u00a0:\u00a0 26,5 cm<\/span><\/p>\n<\/div>\n<div class=\"desc\">\n<p class=\"desc-tit\">Largura<span class=\"desc-sub\">\u00a0:\u00a0 28 cm<\/span><\/p>\n<\/div>\n<div class=\"desc\">\n<p class=\"desc-tit\">Profundidade<span class=\"desc-sub\">\u00a0:\u00a0 15 cm<\/span><\/p>\n<\/div>\n<div class=\"desc\">\n<p class=\"desc-tit\">Comprimento<span class=\"desc-sub\">\u00a0:\u00a0 al\u00e7as 50,5 cm<\/span><\/p>\n<\/div>\n<div class=\"desc\">\n<p class=\"desc-tit\">Medidas aproximadas para grava\u00e7\u00e3o<span class=\"desc-sub\">\u00a0(CxL):\u00a0 14 cm x 26 cm (abaixo do bolso de z\u00edper)<\/span><\/p>\n<\/div>\n<div class=\"desc\">\n<p class=\"desc-tit\">Peso aproximado<span class=\"desc-sub\">\u00a0(g):\u00a0 354<\/span><\/p>\n<pre id=\"item_referencia\">02513<\/pre>\n<\/div>\n<\/div>\n","protected":false},"excerpt":{"rendered":"<p>Bolsa T\u00e9rmica 11L personalizada. Descri\u00e7\u00e3o:\u00a0Bolsa t\u00e9rmica com capacidade m\u00e1xima de 11 litros. Confeccionada em tecido Oxford Cati\u00f4nico 300D resistente \u00e0 \u00e1gua, apresenta revestimento t\u00e9rmico em PEVA<span class=\"excerpt-hellip\"> [\u2026]<\/span><\/p>\n","protected":false},"featured_media":6858,"comment_status":"closed","ping_status":"closed","template":"","meta":[],"product_cat":[145],"product_tag":[2586,358,366],"class_list":["post-6854","product","type-product","status-publish","has-post-thumbnail","hentry","product_cat-bolsas-termicas-e-coolers","product_tag-bolsa-termica-com-logo","product_tag-bolsa-termica-personalizada","product_tag-sacola-termica-personalizada"],"_links":{"self":[{"href":"https:\/\/vohnabrindes.com.br\/index.php\/wp-json\/wp\/v2\/product\/6854","targetHints":{"allow":["GET"]}}],"collection":[{"href":"https:\/\/vohnabrindes.com.br\/index.php\/wp-json\/wp\/v2\/product"}],"about":[{"href":"https:\/\/vohnabrindes.com.br\/index.php\/wp-json\/wp\/v2\/types\/product"}],"replies":[{"embeddable":true,"href":"https:\/\/vohnabrindes.com.br\/index.php\/wp-json\/wp\/v2\/comments?post=6854"}],"version-history":[{"count":1,"href":"https:\/\/vohnabrindes.com.br\/index.php\/wp-json\/wp\/v2\/product\/6854\/revisions"}],"predecessor-version":[{"id":6859,"href":"https:\/\/vohnabrindes.com.br\/index.php\/wp-json\/wp\/v2\/product\/6854\/revisions\/6859"}],"wp:featuredmedia":[{"embeddable":true,"href":"https:\/\/vohnabrindes.com.br\/index.php\/wp-json\/wp\/v2\/media\/6858"}],"wp:attachment":[{"href":"https:\/\/vohnabrindes.com.br\/index.php\/wp-json\/wp\/v2\/media?parent=6854"}],"wp:term":[{"taxonomy":"product_cat","embeddable":true,"href":"https:\/\/vohnabrindes.com.br\/index.php\/wp-json\/wp\/v2\/product_cat?post=6854"},{"taxonomy":"product_tag","embeddable":true,"href":"https:\/\/vohnabrindes.com.br\/index.php\/wp-json\/wp\/v2\/product_tag?post=6854"}],"curies":[{"name":"wp","href":"https:\/\/api.w.org\/{rel}","templated":true}]}}